{"id":136,"date":"2018-03-05T18:30:01","date_gmt":"2018-03-05T17:30:01","guid":{"rendered":"http:\/\/stills.mauer.co\/?post_type=project&#038;p=136"},"modified":"2022-02-02T09:22:23","modified_gmt":"2022-02-02T08:22:23","slug":"shades-of-lifeguard-towers","status":"publish","type":"project","link":"https:\/\/audreythomas-architecte.com\/index.php\/proj\/shades-of-lifeguard-towers\/","title":{"rendered":"CASTELLANE"},"content":{"rendered":"\n<figure class=\"wp-block-image size-large\"><a href=\"http:\/\/qxxoqlu.cluster028.hosting.ovh.net\/wp-content\/uploads\/2021\/07\/audrey-thomas-architecte-marseille-castellane-projet_2_5.jpg\"><div class=\"mauer-stills-img-box-wrapper\"><div class=\"mauer-stills-img-box\" style=\"padding-top: 65.2%;  width: 2000px;\" data-mauer-stills-default-width= \"2000\"><img data-aspect-ratio=\"1.5333333333\" data-thumbnail-aspect-ratio=\"1.5337423312883\" loading=\"lazy\" width=\"2000\" height=\"1304\" src=\"http:\/\/qxxoqlu.cluster028.hosting.ovh.net\/wp-content\/uploads\/2021\/07\/audrey-thomas-architecte-marseille-castellane-projet_2_5-2000x1304.jpg\" alt=\"\" class=\"wp-image-1398\" srcset=\"https:\/\/audreythomas-architecte.com\/wp-content\/uploads\/2021\/07\/audrey-thomas-architecte-marseille-castellane-projet_2_5-2000x1304.jpg 2000w, https:\/\/audreythomas-architecte.com\/wp-content\/uploads\/2021\/07\/audrey-thomas-architecte-marseille-castellane-projet_2_5-300x196.jpg 300w, https:\/\/audreythomas-architecte.com\/wp-content\/uploads\/2021\/07\/audrey-thomas-architecte-marseille-castellane-projet_2_5-768x501.jpg 768w, https:\/\/audreythomas-architecte.com\/wp-content\/uploads\/2021\/07\/audrey-thomas-architecte-marseille-castellane-projet_2_5-1536x1002.jpg 1536w, https:\/\/audreythomas-architecte.com\/wp-content\/uploads\/2021\/07\/audrey-thomas-architecte-marseille-castellane-projet_2_5-2048x1336.jpg 2048w, https:\/\/audreythomas-architecte.com\/wp-content\/uploads\/2021\/07\/audrey-thomas-architecte-marseille-castellane-projet_2_5-780x509.jpg 780w, https:\/\/audreythomas-architecte.com\/wp-content\/uploads\/2021\/07\/audrey-thomas-architecte-marseille-castellane-projet_2_5-892x582.jpg 892w, https:\/\/audreythomas-architecte.com\/wp-content\/uploads\/2021\/07\/audrey-thomas-architecte-marseille-castellane-projet_2_5-624x407.jpg 624w, https:\/\/audreythomas-architecte.com\/wp-content\/uploads\/2021\/07\/audrey-thomas-architecte-marseille-castellane-projet_2_5-586x382.jpg 586w, https:\/\/audreythomas-architecte.com\/wp-content\/uploads\/2021\/07\/audrey-thomas-architecte-marseille-castellane-projet_2_5-420x274.jpg 420w, https:\/\/audreythomas-architecte.com\/wp-content\/uploads\/2021\/07\/audrey-thomas-architecte-marseille-castellane-projet_2_5-1440x939.jpg 1440w\" sizes=\"(max-width: 2000px) 100vw, 2000px\" \/><\/div><\/div><\/a><\/figure>\n\n\n\n<p class=\"has-text-color has-small-font-size\" style=\"color:#ebc4a3\"><strong>Type de projet \/ <\/strong>r\u00e9habilitation d\u2019appartement<br><span style=\"color:#ebc4a3\" class=\"has-inline-color\"><strong>Mission \/<\/strong> Esquisse + Conception + Travaux &#8211; compl\u00e8te<br><strong>Date <\/strong>\/ juin 2018-novembre 2018<br><strong>Prix des travaux \/<\/strong> 15 000\u20ac TTC<br><strong>Surface \/<\/strong> 55m<sup>2<\/sup><br><strong>Entreprises \/<\/strong> MR&amp;CO + Mathieu Sardou Menuiserie + DELO plomberie \u00e9lectricit\u00e9 + cuisine IKEA<\/span><\/p>\n\n\n\n<hr class=\"wp-block-separator has-text-color has-background has-luminous-vivid-orange-background-color has-luminous-vivid-orange-color is-style-wide\"\/>\n\n\n\n<p>A. venait d\u2019acqu\u00e9rir cet appartement en plein c\u0153ur de Marseille. Elle souhaitait pouvoir cuisiner, profiter de sa terrasse et avoir un espace pour regarder la t\u00e9l\u00e9. Seulement, la cuisine \u00e9tait petite, laissait voir une chaudi\u00e8re apparente et ne disposait pas de rangement. La fen\u00eatre de la cuisine \u00e9tait le point d\u2019acc\u00e8s \u00e0 la grande terrasse surplombant la place Castellane. La forme en T du s\u00e9jour ne permettait pas d\u2019avoir un v\u00e9ritable espace salon.<\/p>\n\n\n\n<p>Gr\u00e2ce \u00e0 la mise en place de mobilier sur mesure, nous avons s\u00e9par\u00e9 l\u2019espace salon de l\u2019espace cuisine. D\u00e9sormais, un meuble t\u00e9l\u00e9 compos\u00e9 d\u2019un rangement bas et d\u2019un claustra en ch\u00eane massif fait office de s\u00e9paration avec la cuisine tout en laissant passer la vue et la lumi\u00e8re.<\/p>\n\n\n\n<p>La cuisine a \u00e9t\u00e9 r\u00e9am\u00e9nag\u00e9e de mani\u00e8re \u00e0 proposer un grand nombre de rangement et \u00e0 cacher les \u00e9l\u00e9ments techniques pr\u00e9sents. Le nouvel escalier sur mesure en ch\u00eane fait office d\u2019acc\u00e8s \u00e0 la terrasse, d\u2019assise pour discuter pendant que l&rsquo;on cuisine, de rangements pour les bouteilles et peut \u00eatre d\u00e9plac\u00e9 pour acc\u00e9der \u00e0 la trappe sous les combles. La cr\u00e9ation d\u2019un lit sur mesure avec un dressing a aussi permis d\u2019allier la pratique \u00e0 l\u2019esth\u00e9tique et de gagner le plus de place possible.<\/p>\n\n\n\n<div class=\"wp-block-mauer-stills-gallery\"><div class=\"mauer-stills-gallery-pswp-wrapper\"><div class=\"mauer-stills-gallery-pswp\" data-style=\"display: flex;\" itemscope itemtype=\"http:\/\/schema.org\/ImageGallery\" data-pswp-uid=\"1\"><figure class=\"mauer-stills-gallery-pswp-tile mauer-stills-gallery-pswp-tile-full\" itemprop=\"associatedMedia\" itemscope itemtype=\"http:\/\/schema.org\/ImageObject\"><a class=\"mauer-stills-gallery-pswp-big-img-link\" href=\"https:\/\/audreythomas-architecte.com\/wp-content\/uploads\/2021\/07\/audrey-thomas-architecte-marseille-castellane-projet_2_6.jpg\" itemprop=\"contentUrl\" data-size=\"2300x1500\"><div class=\"mauer-stills-img-box-wrapper\"><div class=\"mauer-stills-img-box\" style=\"padding-top: 65.217391318526%;  width: 100%;\"><img data-aspect-ratio=\"1.533333333\" data-thumbnail-aspect-ratio=\"1.533333333\" src=\"https:\/\/audreythomas-architecte.com\/wp-content\/uploads\/2021\/07\/audrey-thomas-architecte-marseille-castellane-projet_2_6.jpg\" alt=\"\" class=\"mauer-stills-img-adaptable-height mauer-stills-gallery-pswp-img\" data-id=\"1399\" data-img-full-url=\"https:\/\/audreythomas-architecte.com\/wp-content\/uploads\/2021\/07\/audrey-thomas-architecte-marseille-castellane-projet_2_6.jpg\" data-img-wide-url=\"https:\/\/audreythomas-architecte.com\/wp-content\/uploads\/2021\/07\/audrey-thomas-architecte-marseille-castellane-projet_2_6.jpg\" data-img-half-wide-url=\"https:\/\/audreythomas-architecte.com\/wp-content\/uploads\/2021\/07\/audrey-thomas-architecte-marseille-castellane-projet_2_6.jpg\" data-aspect-ratio=\"1.533333333\"\/><\/div><\/div><\/a><\/figure><figure class=\"mauer-stills-gallery-pswp-tile mauer-stills-gallery-pswp-tile-half mauer-stills-gallery-pswp-tile-has-caption\" itemprop=\"associatedMedia\" itemscope itemtype=\"http:\/\/schema.org\/ImageObject\"><a class=\"mauer-stills-gallery-pswp-big-img-link\" href=\"https:\/\/audreythomas-architecte.com\/wp-content\/uploads\/2021\/07\/audrey-thomas-architecte-marseille-castellane-projet_1_2.jpg\" itemprop=\"contentUrl\" data-size=\"1500x2000\"><div class=\"mauer-stills-img-box-wrapper\"><div class=\"mauer-stills-img-box\" style=\"padding-top: 133.33333333333%;  width: 100%;\"><img data-aspect-ratio=\"0.7500000000\" data-thumbnail-aspect-ratio=\"0.7500000000\" src=\"https:\/\/audreythomas-architecte.com\/wp-content\/uploads\/2021\/07\/audrey-thomas-architecte-marseille-castellane-projet_1_2.jpg\" alt=\"\" class=\"mauer-stills-img-adaptable-height mauer-stills-gallery-pswp-img\" data-id=\"1390\" data-img-full-url=\"https:\/\/audreythomas-architecte.com\/wp-content\/uploads\/2021\/07\/audrey-thomas-architecte-marseille-castellane-projet_1_2.jpg\" data-img-wide-url=\"https:\/\/audreythomas-architecte.com\/wp-content\/uploads\/2021\/07\/audrey-thomas-architecte-marseille-castellane-projet_1_2.jpg\" data-img-half-wide-url=\"https:\/\/audreythomas-architecte.com\/wp-content\/uploads\/2021\/07\/audrey-thomas-architecte-marseille-castellane-projet_1_2.jpg\" data-aspect-ratio=\"0.7500000000\"\/><\/div><\/div><\/a><figcaption><\/figcaption><\/figure><figure class=\"mauer-stills-gallery-pswp-tile mauer-stills-gallery-pswp-tile-half mauer-stills-gallery-pswp-tile-has-caption\" itemprop=\"associatedMedia\" itemscope itemtype=\"http:\/\/schema.org\/ImageObject\"><a class=\"mauer-stills-gallery-pswp-big-img-link\" href=\"https:\/\/audreythomas-architecte.com\/wp-content\/uploads\/2021\/07\/audrey-thomas-architecte-marseille-castellane-projet_1_3.jpg\" itemprop=\"contentUrl\" data-size=\"1500x2000\"><div class=\"mauer-stills-img-box-wrapper\"><div class=\"mauer-stills-img-box\" style=\"padding-top: 133.33333333333%;  width: 100%;\"><img data-aspect-ratio=\"0.7500000000\" data-thumbnail-aspect-ratio=\"0.7500000000\" src=\"https:\/\/audreythomas-architecte.com\/wp-content\/uploads\/2021\/07\/audrey-thomas-architecte-marseille-castellane-projet_1_3.jpg\" alt=\"\" class=\"mauer-stills-img-adaptable-height mauer-stills-gallery-pswp-img\" data-id=\"1392\" data-img-full-url=\"https:\/\/audreythomas-architecte.com\/wp-content\/uploads\/2021\/07\/audrey-thomas-architecte-marseille-castellane-projet_1_3.jpg\" data-img-wide-url=\"https:\/\/audreythomas-architecte.com\/wp-content\/uploads\/2021\/07\/audrey-thomas-architecte-marseille-castellane-projet_1_3.jpg\" data-img-half-wide-url=\"https:\/\/audreythomas-architecte.com\/wp-content\/uploads\/2021\/07\/audrey-thomas-architecte-marseille-castellane-projet_1_3.jpg\" data-aspect-ratio=\"0.7500000000\"\/><\/div><\/div><\/a><figcaption><\/figcaption><\/figure><figure class=\"mauer-stills-gallery-pswp-tile mauer-stills-gallery-pswp-tile-full\" itemprop=\"associatedMedia\" itemscope itemtype=\"http:\/\/schema.org\/ImageObject\"><a class=\"mauer-stills-gallery-pswp-big-img-link\" href=\"https:\/\/audreythomas-architecte.com\/wp-content\/uploads\/2021\/07\/audrey-thomas-architecte-marseille-castellane-projet_2_4.jpg\" itemprop=\"contentUrl\" data-size=\"2300x1500\"><div class=\"mauer-stills-img-box-wrapper\"><div class=\"mauer-stills-img-box\" style=\"padding-top: 65.217391318526%;  width: 100%;\"><img data-aspect-ratio=\"1.533333333\" data-thumbnail-aspect-ratio=\"1.533333333\" src=\"https:\/\/audreythomas-architecte.com\/wp-content\/uploads\/2021\/07\/audrey-thomas-architecte-marseille-castellane-projet_2_4.jpg\" alt=\"\" class=\"mauer-stills-img-adaptable-height mauer-stills-gallery-pswp-img\" data-id=\"1397\" data-img-full-url=\"https:\/\/audreythomas-architecte.com\/wp-content\/uploads\/2021\/07\/audrey-thomas-architecte-marseille-castellane-projet_2_4.jpg\" data-img-wide-url=\"https:\/\/audreythomas-architecte.com\/wp-content\/uploads\/2021\/07\/audrey-thomas-architecte-marseille-castellane-projet_2_4.jpg\" data-img-half-wide-url=\"https:\/\/audreythomas-architecte.com\/wp-content\/uploads\/2021\/07\/audrey-thomas-architecte-marseille-castellane-projet_2_4.jpg\" data-aspect-ratio=\"1.533333333\"\/><\/div><\/div><\/a><\/figure><figure class=\"mauer-stills-gallery-pswp-tile mauer-stills-gallery-pswp-tile-half mauer-stills-gallery-pswp-tile-has-caption\" itemprop=\"associatedMedia\" itemscope itemtype=\"http:\/\/schema.org\/ImageObject\"><a class=\"mauer-stills-gallery-pswp-big-img-link\" href=\"https:\/\/audreythomas-architecte.com\/wp-content\/uploads\/2021\/07\/audrey-thomas-architecte-marseille-castellane-projet_2_2.jpg\" itemprop=\"contentUrl\" data-size=\"2300x1500\"><div class=\"mauer-stills-img-box-wrapper\"><div class=\"mauer-stills-img-box\" style=\"padding-top: 65.217391318526%;  width: 100%;\"><img data-aspect-ratio=\"1.533333333\" data-thumbnail-aspect-ratio=\"1.533333333\" src=\"https:\/\/audreythomas-architecte.com\/wp-content\/uploads\/2021\/07\/audrey-thomas-architecte-marseille-castellane-projet_2_2.jpg\" alt=\"\" class=\"mauer-stills-img-adaptable-height mauer-stills-gallery-pswp-img\" data-id=\"1395\" data-img-full-url=\"https:\/\/audreythomas-architecte.com\/wp-content\/uploads\/2021\/07\/audrey-thomas-architecte-marseille-castellane-projet_2_2.jpg\" data-img-wide-url=\"https:\/\/audreythomas-architecte.com\/wp-content\/uploads\/2021\/07\/audrey-thomas-architecte-marseille-castellane-projet_2_2.jpg\" data-img-half-wide-url=\"https:\/\/audreythomas-architecte.com\/wp-content\/uploads\/2021\/07\/audrey-thomas-architecte-marseille-castellane-projet_2_2.jpg\" data-aspect-ratio=\"1.533333333\"\/><\/div><\/div><\/a><figcaption><\/figcaption><\/figure><figure class=\"mauer-stills-gallery-pswp-tile mauer-stills-gallery-pswp-tile-half mauer-stills-gallery-pswp-tile-has-caption\" itemprop=\"associatedMedia\" itemscope itemtype=\"http:\/\/schema.org\/ImageObject\"><a class=\"mauer-stills-gallery-pswp-big-img-link\" href=\"https:\/\/audreythomas-architecte.com\/wp-content\/uploads\/2021\/07\/audrey-thomas-architecte-marseille-castellane-projet_2_3.jpg\" itemprop=\"contentUrl\" data-size=\"2300x1500\"><div class=\"mauer-stills-img-box-wrapper\"><div class=\"mauer-stills-img-box\" style=\"padding-top: 65.217391318526%;  width: 100%;\"><img data-aspect-ratio=\"1.533333333\" data-thumbnail-aspect-ratio=\"1.533333333\" src=\"https:\/\/audreythomas-architecte.com\/wp-content\/uploads\/2021\/07\/audrey-thomas-architecte-marseille-castellane-projet_2_3.jpg\" alt=\"\" class=\"mauer-stills-img-adaptable-height mauer-stills-gallery-pswp-img\" data-id=\"1396\" data-img-full-url=\"https:\/\/audreythomas-architecte.com\/wp-content\/uploads\/2021\/07\/audrey-thomas-architecte-marseille-castellane-projet_2_3.jpg\" data-img-wide-url=\"https:\/\/audreythomas-architecte.com\/wp-content\/uploads\/2021\/07\/audrey-thomas-architecte-marseille-castellane-projet_2_3.jpg\" data-img-half-wide-url=\"https:\/\/audreythomas-architecte.com\/wp-content\/uploads\/2021\/07\/audrey-thomas-architecte-marseille-castellane-projet_2_3.jpg\" data-aspect-ratio=\"1.533333333\"\/><\/div><\/div><\/a><figcaption><\/figcaption><\/figure><figure class=\"mauer-stills-gallery-pswp-tile mauer-stills-gallery-pswp-tile-full\" itemprop=\"associatedMedia\" itemscope itemtype=\"http:\/\/schema.org\/ImageObject\"><a class=\"mauer-stills-gallery-pswp-big-img-link\" href=\"https:\/\/audreythomas-architecte.com\/wp-content\/uploads\/2021\/07\/audrey-thomas-architecte-marseille-castellane-projet_2_1.jpg\" itemprop=\"contentUrl\" data-size=\"2300x1500\"><div class=\"mauer-stills-img-box-wrapper\"><div class=\"mauer-stills-img-box\" style=\"padding-top: 65.217391318526%;  width: 100%;\"><img data-aspect-ratio=\"1.533333333\" data-thumbnail-aspect-ratio=\"1.533333333\" src=\"https:\/\/audreythomas-architecte.com\/wp-content\/uploads\/2021\/07\/audrey-thomas-architecte-marseille-castellane-projet_2_1.jpg\" alt=\"\" class=\"mauer-stills-img-adaptable-height mauer-stills-gallery-pswp-img\" data-id=\"1394\" data-img-full-url=\"https:\/\/audreythomas-architecte.com\/wp-content\/uploads\/2021\/07\/audrey-thomas-architecte-marseille-castellane-projet_2_1.jpg\" data-img-wide-url=\"https:\/\/audreythomas-architecte.com\/wp-content\/uploads\/2021\/07\/audrey-thomas-architecte-marseille-castellane-projet_2_1.jpg\" data-img-half-wide-url=\"https:\/\/audreythomas-architecte.com\/wp-content\/uploads\/2021\/07\/audrey-thomas-architecte-marseille-castellane-projet_2_1.jpg\" data-aspect-ratio=\"1.533333333\"\/><\/div><\/div><\/a><\/figure><\/div><div class=\"clearfix\"><\/div><\/div><\/div>\n\n\n\n<hr class=\"wp-block-separator has-text-color has-background has-luminous-vivid-orange-background-color has-luminous-vivid-orange-color is-style-wide\"\/>\n\n\n\n<div class=\"wp-block-mauer-stills-gallery\"><div class=\"mauer-stills-gallery-pswp-wrapper\"><div class=\"mauer-stills-gallery-pswp\" data-style=\"display: flex;\" itemscope itemtype=\"http:\/\/schema.org\/ImageGallery\" data-pswp-uid=\"1\"><figure class=\"mauer-stills-gallery-pswp-tile mauer-stills-gallery-pswp-tile-half mauer-stills-gallery-pswp-tile-has-caption\" itemprop=\"associatedMedia\" itemscope itemtype=\"http:\/\/schema.org\/ImageObject\"><a class=\"mauer-stills-gallery-pswp-big-img-link\" href=\"https:\/\/audreythomas-architecte.com\/wp-content\/uploads\/2021\/07\/audrey-thomas-architecte-marseille-castellane-projet_2_9.jpg\" itemprop=\"contentUrl\" data-size=\"2300x1500\"><div class=\"mauer-stills-img-box-wrapper\"><div class=\"mauer-stills-img-box\" style=\"padding-top: 65.217391318526%;  width: 100%;\"><img data-aspect-ratio=\"1.533333333\" data-thumbnail-aspect-ratio=\"1.533333333\" src=\"https:\/\/audreythomas-architecte.com\/wp-content\/uploads\/2021\/07\/audrey-thomas-architecte-marseille-castellane-projet_2_9.jpg\" alt=\"\" class=\"mauer-stills-img-adaptable-height mauer-stills-gallery-pswp-img\" data-id=\"1402\" data-img-full-url=\"https:\/\/audreythomas-architecte.com\/wp-content\/uploads\/2021\/07\/audrey-thomas-architecte-marseille-castellane-projet_2_9.jpg\" data-img-wide-url=\"https:\/\/audreythomas-architecte.com\/wp-content\/uploads\/2021\/07\/audrey-thomas-architecte-marseille-castellane-projet_2_9.jpg\" data-img-half-wide-url=\"https:\/\/audreythomas-architecte.com\/wp-content\/uploads\/2021\/07\/audrey-thomas-architecte-marseille-castellane-projet_2_9.jpg\" data-aspect-ratio=\"1.533333333\"\/><\/div><\/div><\/a><figcaption><\/figcaption><\/figure><figure class=\"mauer-stills-gallery-pswp-tile mauer-stills-gallery-pswp-tile-half mauer-stills-gallery-pswp-tile-has-caption\" itemprop=\"associatedMedia\" itemscope itemtype=\"http:\/\/schema.org\/ImageObject\"><a class=\"mauer-stills-gallery-pswp-big-img-link\" href=\"https:\/\/audreythomas-architecte.com\/wp-content\/uploads\/2018\/03\/audrey-thomas-architecte-marseille-castellane-edl_2.jpg\" itemprop=\"contentUrl\" data-size=\"2300x1500\"><div class=\"mauer-stills-img-box-wrapper\"><div class=\"mauer-stills-img-box\" style=\"padding-top: 65.217391318526%;  width: 100%;\"><img data-aspect-ratio=\"1.533333333\" data-thumbnail-aspect-ratio=\"1.533333333\" src=\"https:\/\/audreythomas-architecte.com\/wp-content\/uploads\/2018\/03\/audrey-thomas-architecte-marseille-castellane-edl_2.jpg\" alt=\"\" class=\"mauer-stills-img-adaptable-height mauer-stills-gallery-pswp-img\" data-id=\"1712\" data-img-full-url=\"https:\/\/audreythomas-architecte.com\/wp-content\/uploads\/2018\/03\/audrey-thomas-architecte-marseille-castellane-edl_2.jpg\" data-img-wide-url=\"https:\/\/audreythomas-architecte.com\/wp-content\/uploads\/2018\/03\/audrey-thomas-architecte-marseille-castellane-edl_2.jpg\" data-img-half-wide-url=\"https:\/\/audreythomas-architecte.com\/wp-content\/uploads\/2018\/03\/audrey-thomas-architecte-marseille-castellane-edl_2.jpg\" data-aspect-ratio=\"1.533333333\"\/><\/div><\/div><\/a><figcaption><\/figcaption><\/figure><\/div><div class=\"clearfix\"><\/div><\/div><\/div>\n","protected":false},"featured_media":1399,"comment_status":"closed","ping_status":"closed","template":"","project_cat":[],"_links":{"self":[{"href":"https:\/\/audreythomas-architecte.com\/index.php\/wp-json\/wp\/v2\/project\/136"}],"collection":[{"href":"https:\/\/audreythomas-architecte.com\/index.php\/wp-json\/wp\/v2\/project"}],"about":[{"href":"https:\/\/audreythomas-architecte.com\/index.php\/wp-json\/wp\/v2\/types\/project"}],"replies":[{"embeddable":true,"href":"https:\/\/audreythomas-architecte.com\/index.php\/wp-json\/wp\/v2\/comments?post=136"}],"version-history":[{"count":13,"href":"https:\/\/audreythomas-architecte.com\/index.php\/wp-json\/wp\/v2\/project\/136\/revisions"}],"predecessor-version":[{"id":1714,"href":"https:\/\/audreythomas-architecte.com\/index.php\/wp-json\/wp\/v2\/project\/136\/revisions\/1714"}],"wp:featuredmedia":[{"embeddable":true,"href":"https:\/\/audreythomas-architecte.com\/index.php\/wp-json\/wp\/v2\/media\/1399"}],"wp:attachment":[{"href":"https:\/\/audreythomas-architecte.com\/index.php\/wp-json\/wp\/v2\/media?parent=136"}],"wp:term":[{"taxonomy":"project_cat","embeddable":true,"href":"https:\/\/audreythomas-architecte.com\/index.php\/wp-json\/wp\/v2\/project_cat?post=136"}],"curies":[{"name":"wp","href":"https:\/\/api.w.org\/{rel}","templated":true}]}}